{"version":"1.0","provider_name":"Irka Cafe-blog","provider_url":"https:\/\/nehrer.cafeblog.hu","author_name":"Gy\u00f6rgy Nehrer","author_url":"https:\/\/nehrer.cafeblog.hu\/author\/nehrer-gywindowslive-com\/","title":"Els\u0151 50 Trianon 100","html":"<p>Egy h\u00f3napja \u00edrtam, de aktualit\u00e1sa, m\u00e9g bizony\u00e1ra sok\u00e1ig kitart. Az \u00e1ltalam adott c\u00edmmel \u00e9s annak tartalm\u00e1val teljes m\u00e9rt\u00e9kben tiszt\u00e1ban vagyok. Ezt csak az\u00e9rt sz\u00f6gezn\u00e9m le el\u0151re, mert nemcsak Trianon, hanem a huszadik sz\u00e1zad els\u0151 \u00f6tven \u00e9v\u00e9nek egy\u00e9b t\u00f6rt\u00e9nelmi esem\u00e9nyei is eszembe jutottak az \u00edr\u00e1s kapcs\u00e1n. <br \/>Nincs sz\u00e1nd\u00e9komban \u00f6sszemosni a k\u00fcl\u00f6nb\u00f6z\u0151 \u00e9vtizedeket, csup\u00e1n arr\u00f3l van sz\u00f3, hogy vannak k\u00eds\u00e9rtetiesen hasonl\u00f3 t\u00f6rt\u00e9nelmi szitu\u00e1ci\u00f3k. Ezeket n\u00e9ha \u00f6sszevetem egym\u00e1ssal. Nem vagyok t\u00f6rt\u00e9n\u00e9sz, csak egy \u00edrogat\u00f3 \u00e9s olvasgat\u00f3, \u00edgy ennek az \u00edr\u00e1snak semmif\u00e9le tudom\u00e1nyos alapja nincs.\u00a0 Ennek megfelel\u0151en lehet \u00f6r\u00fclni, de jog\u00e1ban \u00e1ll b\u00e1rkinek, ak\u00e1r szomorkodni is.<\/p>\r\n<p>Tiszt\u00e1ban vagyok azzal, hogy Trianon k\u00e9rd\u00e9s\u00e9ben bel\u00e1that\u00f3 id\u0151n bel\u00fcl nem lesz \u00f6sszhang a magyar t\u00e1rsadalomban. Mindig voltak megalkuv\u00f3k:\u00a0 akik azt mondj\u00e1k, minek ezt a k\u00e9rd\u00e9st bolygatni, \u00e9s fesz\u00fclts\u00e9get sz\u00edtani a k\u00f6rnyez\u0151 orsz\u00e1gokkal? Vannak a \u201ev\u00e9rmagyarok\u201d, jobb sz\u00f3, most nem jut eszembe r\u00f3luk: akik szeretik megmondani, hogy szerint\u00fck ki a magyar, ki a haza\u00e1rul\u00f3, \u00e9s ki az, akit mindj\u00e1rt helyben fel k\u00e9ne koncolni. \u0150k azok, akik holnap induln\u00e1nak vasvill\u00e1val a rom\u00e1nok, t\u00f3tok, szerbek ellen, ker\u00fcl, amibe ker\u00fcl. Persze \u00fagy, hogy a villa nyel\u00e9t nem \u0151 fogn\u00e1, hanem lehet\u0151leg m\u00e1s. Az \u0151 b\u0151re m\u00e9giscsak \u00e9rt\u00e9kesebb. \u00a0Azt\u00e1n vannak a \u201etudom\u00e1nyoskod\u00f3k\u201d: akik a nemzetk\u00f6zi jogon keresnek h\u00e9zagokat, hogyan lehetne semmiss\u00e9 tenni a Trianoni b\u00e9kedikt\u00e1tumot. Cs\u0171rik, csavarj\u00e1k a jogot, annyira, hogy m\u00e1r csepeg bel\u0151le a v\u00e9res verejt\u00e9k. \u00a0Azt\u00e1n itt van egy firk\u00e1sz az olvas\u00f3kkal, akik nap mint nap hallgatj\u00e1k mindezt. Ami, n\u00e9ha tudom\u00e1nyos, n\u00e9ha lelkes\u00edt\u0151en ostoba, n\u00e9ha felh\u00e1bor\u00edt\u00f3 zagyvas\u00e1g, amit \u00f6sszehordanak. Csak \u00fcl\u00f6k,\u00a0 hallgatok, \u00e9s olvasok. K\u00f6zben azon agyalok, hogy a k\u00f6rnyez\u0151 orsz\u00e1gok mindegyik\u00e9ben vannak k\u00f6zelebbi, t\u00e1volabbi rokonaim. Nekik, vajon mi a v\u00e9lem\u00e9ny\u00fck err\u0151l? T\u00e1n meg kellene k\u00e9rdezni azokat is, akik a hat\u00e1rainkon k\u00edv\u00fcl rekedtek \u00f6nhib\u00e1jukon k\u00edv\u00fcl. Mi legyen? Akkor most kap\u00e1ra, kasz\u00e1ra magyarok! Aki magyar, vel\u00fcnk van! Aki nem, az \u00e1rul\u00f3? Vagy mi a t\u00far\u00f3?! Na, sz\u00f3val csendben morfond\u00edrozok ezen az \u00f6tven, \u00e9s sz\u00e1z \u00e9ven, \u00e9s azon, hogy mi\u00e9rt is kellett anyai \u00f6regap\u00e1mnak a szlov\u00e1k Szluk\u00e1r\u00f3l Szamosira magyaros\u00edtania a nev\u00e9t, amikor az \u00f6regapja is Magyarorsz\u00e1gon sz\u00fcletett, \u00e9s talpig magyar volt maga is? Megmondom.\u00a0 Mert nem akarta, hogy Sz\u00e9kesfeh\u00e9rv\u00e1rr\u00f3l kitelep\u00edts\u00e9k egy felvid\u00e9ki faluba. \u00a0Azt\u00e1n ugyanez miatt apai \u00f6regap\u00e1mnak meg rom\u00e1nra kellett volna m\u00f3dos\u00edtania a n\u00e9met nev\u00e9t. \u0150 is Magyarorsz\u00e1gon sz\u00fcletett. Lelk\u00e9ben magyar, szok\u00e1saiban, hagyom\u00e1nyaiban n\u00e9met. Magyark\u00e9nt harcolta v\u00e9gig az els\u0151 vil\u00e1gh\u00e1bor\u00fat. \u0150 ink\u00e1bb elj\u00f6tt onnan, minthogy meghajolt volna a rom\u00e1n akarat el\u0151tt. Csak \u00fcl\u00f6k, \u00e9s gondolkodom ezen a Trianonon \u00e9s persze minden m\u00e1son is. Kereshetj\u00fck az igazs\u00e1got szel\u00edden, \u00e9s magunkb\u00f3l kikelve vadul. Nem fogjuk megtal\u00e1lni. Ez nem a mi hib\u00e1nk! A huszadik sz\u00e1zad els\u0151 \u00f6tven \u00e9ve, sajnos annyi lez\u00e1ratlan \u00e9s fek\u00e9lyes sebet hagyott r\u00e1nk, \u00e9s tal\u00e1n m\u00e9g a k\u00f6vetkez\u0151 gener\u00e1ci\u00f3kra is, hogy nincs az az orvos, aki kik\u00far\u00e1lhatn\u00e1 bel\u0151le kis haz\u00e1nkat. Minden j\u00f3zanul gondolkod\u00f3ban ott motoszk\u00e1l az igazs\u00e1gtalans\u00e1g jogos k\u00e9rd\u00e9se. Akkor ebbe most t\u00f6r\u0151dj\u00fcnk bele? J\u00f3 k\u00e9rd\u00e9s! Az t\u00e9ny, hogy hatalmas hib\u00e1kat k\u00f6vettek el vel\u00fcnk szemben, ezen nincs is vita. Azt\u00e1n mi, - j\u00f3 magyar szok\u00e1s szerint, - ha m\u00e1r megoldani nem tudjuk a probl\u00e9m\u00e1inkat, akkor legal\u00e1bb a szomsz\u00e9d macsk\u00e1j\u00e1t seggbe r\u00fagjuk. \u00cdgy azt\u00e1n mindenkit, aki a kez\u00fcnk \u00fcgy\u00e9be ker\u00fclt \u00f6sszevissza pofoztunk. Hogy \u00e9rtse minden \u201emegalkuv\u00f3\u201d, \u201ev\u00e9rmagyar\u201d, \u00e9s \u201etudom\u00e1nyoskod\u00f3\u201d Ki fogja megk\u00e9rdezni azokat a zsid\u00f3kat, akiket deport\u00e1ltak, \u00e9s csal\u00e1dost\u00f3l kiirtottak? Ki fogja megk\u00e9rdezni azokat a szlov\u00e1kokat \u00e9s sv\u00e1bokat, akiket marhavagonokba zs\u00fafolva, egy b\u0151r\u00f6nddel a kez\u00fckben, az \u00e9let\u00fck munk\u00e1j\u00e1t h\u00e1trahagyva kizsuppoltak Magyarorsz\u00e1gr\u00f3l?\u00a0 Ha j\u00f3l sejtem senki. J\u00f3\u00a0 ha tudja mindenki, hogy a t\u00f6rt\u00e9nelem az egy \u00f6sszef\u00fcgg\u0151, egym\u00e1sra \u00e9p\u00fcl\u0151 esem\u00e9nysor, amib\u0151l nem lehet mindig csak azokat a dolgokat kiragadni k\u00e9ny\u00fcnkre kedv\u00fcnkre, ami sz\u00e1munkra szimpatikus! Sokf\u00e9le v\u00e1laszt lehet adni a feltett k\u00e9rd\u00e9sekre.\u00a0 Adnak is. Egy baj van ezzel, hogy a helyes v\u00e1laszt nem tudja senki. Nagyap\u00e1im m\u00e1r r\u00e9gen nem \u00e9lnek, pedig most olyan j\u00f3 lenne megk\u00e9rdezni \u0151ket, nekik mi a v\u00e9lem\u00e9ny\u00fck err\u0151l? \u00c9s sok minden m\u00e1sr\u00f3l. J\u00f3 lenne megtudni azt is, hogy Nehrer \u00f6regap\u00e1m sz\u00e1m\u00e1ra, ez a Doberd\u00f3-fenns\u00edkon k\u00e9sz\u00fclt fot\u00f3, mi\u00e9rt volt annyira fontos, hogy a hal\u00e1l\u00e1ig f\u00e9ltve \u0151rizte? Nekem van egy elk\u00e9pzel\u00e9sem, ami egy sz\u00f3val kifejezhet\u0151\u2026 Tal\u00e1n, csak ez az egy sz\u00f3 hi\u00e1nyzik a fejekb\u0151l, hogy \u00e9rts\u00fck egym\u00e1st.\u00a0 \u00a0 \u00a0 \u00a0 \u00a0 \u00a0 \u00a0<\/p>\r\n<p>\u00d6sszetartoz\u00e1s!<\/p>\r\n<p>&nbsp;<\/p>\r\n<p><img class=\" wp-image-3216 aligncenter\" src=\"https:\/\/nehrer.cafeblog.hu\/files\/2018\/07\/\u00d6regap\u00e1nk-a-fronton-1915-1-300x197.jpg\" alt=\"\" width=\"542\" height=\"356\" \/><\/p>\r\n<p><span style=\"color: #808080\"><em>Ha tetszett amit olvast\u00e1l, akkor egy megoszt\u00e1ssal t\u00e1mogathatod az oldalt.\u00a0<\/em><\/span><\/p>\r\n<p><img class=\"wp-image-3132 aligncenter\" src=\"https:\/\/nehrer.cafeblog.hu\/files\/2020\/01\/\u00d6regap\u00e1nk-a-fronton-1915-1-300x197.jpg\" alt=\"\" width=\"827\" height=\"543\" \/><\/p>","type":"rich"}