{"version":"1.0","provider_name":"Irka Cafe-blog","provider_url":"https:\/\/nehrer.cafeblog.hu","author_name":"Gy\u00f6rgy Nehrer","author_url":"https:\/\/nehrer.cafeblog.hu\/author\/nehrer-gywindowslive-com\/","title":"A magyarok ...","html":"<p style=\"text-align: justify\">A magyarok t\u00f6bbs\u00e9ge mit gondol? \u00a0<\/p>\r\n<p style=\"text-align: justify\"><a href=\"https:\/\/www.magyarsziv.com\/2018\/03\/13\/a-magyarok-tobbsege-ugy-gondolja-kadar-idejeben-sokkal-jobban-eltunk-mint-most-egy-megosztassal-jelezzen-az-aki-szinten-igy-gondolja-szerinted-is-igy-van-ez\/\">https:\/\/www.magyarsziv.com\/2018\/03\/13\/a-magyarok-tobbsege-ugy-gondolja-kadar-idejeben-sokkal-jobban-eltunk-mint-most-egy-megosztassal-jelezzen-az-aki-szinten-igy-gondolja-szerinted-is-igy-van-ez\/<\/a><\/p>\r\n<p style=\"text-align: justify\">Neh\u00e9z err\u0151l \u00fagy v\u00e9lem\u00e9nyt alkotni, hogy ne soroljanak be kb. egy perc alatt \u00a0komcsinak, vagy \u00e9ppen a m\u00e1sik t\u00e1bor nyilasnak, vagy ne aggassanak r\u00e1d valamilyen m\u00e1sfajta jelz\u0151t. Teh\u00e1t csak f\u00e9l\u00e9nken, \u00a0visszafogottan nyilatkozn\u00e9k. Igyekszem \u00e9rzelmekt\u0151l mentesen, b\u00e1r az meg el\u00e9g nagy h\u00fclyes\u00e9g, hiszen akkor volt az \u00e9n koroszt\u00e1lyom fiatal. Nek\u00fcnk m\u00e9g megadatott, hogy a K\u00e1d\u00e1ri rendszer el\u0151tti R\u00e1kosi \u00e9r\u00e1ban is \u00e9lhett\u00fcnk n\u00e9h\u00e1ny \u00e9vet. Igaz, akkor m\u00e9g csak tudatlan gyermekk\u00e9nt, aki \u00e9ppen csak r\u00e1csod\u00e1lkozott a vil\u00e1gra. Azt\u00e1n az azt k\u00f6vet\u0151 esem\u00e9nyekkel sem nagyon voltunk tiszt\u00e1ban, hiszen, amit az iskol\u00e1ban akkoriban tan\u00edtottak nek\u00fcnk, azt elfogadtuk t\u00e9nyk\u00e9nt. \u00a0A gyerek am\u00fagy sem politiz\u00e1l, hanem \u00e9li a mindennapjait. Els\u0151sorban \u00a0a h\u00e1zmester Kov\u00e1cs b\u00e1csi \u00e9s nagy segg\u0171 Kov\u00e1cs n\u00e9ni bosszant\u00e1s\u00e1val, meg cs\u00fazliz\u00e1ssal \u00e9s Tell Vilmos-nyilak gy\u00e1rt\u00e1s\u00e1val t\u00f6lti az idej\u00e9t. Sz\u00f3val a gyerekkor az eg\u00e9szen addig boldog\u00a0 minden rendszerben, am\u00edg a szem\u00e9t feln\u0151ttek meg nem fert\u0151zik a k\u00f6lyk\u00f6ket ocsm\u00e1ny politik\u00e1val, ami am\u00fagy \u00a0rendszert\u0151l f\u00fcggetlen\u00fcl tele van hazugs\u00e1ggal. Pedig nek\u00fcnk azt mondt\u00e1k, \u00a0hogy az \u00fatt\u00f6r\u0151 nem hazudik. \u00a0Az nem is hazudott, csak azok hazudtak, akik az \u00fatt\u00f6r\u0151ket vezett\u00e9k. \u00a0Hogy jobban \u00e9lt\u00fcnk-e? \u2014 azt nem tudom megmondani, mert \u00a0manaps\u00e1g \u00a0f\u00e9l\u00f3ra alatt b\u00e1rki gy\u00e1rt egy statisztik\u00e1t, amivel bebizony\u00edtja, hogy milyen szarul \u00a0\u00e9lt\u00fcnk annak idej\u00e9n. Szemben a jelenlegi helyzettel, amikor baromi j\u00f3 mindenkinek \u00e9s itt a tejjel-m\u00e9zzel foly\u00f3 k\u00e1na\u00e1n. Amikor \"magyarorsz\u00e1g jobban teljes\u00edt\". Persze, azt senki nem tudja, hogy mi a viszonyit\u00e1si alap. Mindenesetre \u00a0nem statisztikai \u00a0alapon, \u00e9s csak a magam nev\u00e9ben nyilatkozn\u00e9k: lesz\u00e1m\u00edtva azt, hogy nem voltak tele az \u00fczletek \u00e1ruval.\u00a0 -boldogok voltunk. Nem gazdagok! Boldogok. \u00a0Mondjuk, most sem vagyunk gazdagok. Boldogs\u00e1gra pedig semmi okunk. Persze, ez sem teljesen igaz, hiszen, ha az unok\u00e1imra n\u00e9zek, akkor mindenk\u00e9ppen boldog vagyok. Ha a politikusainkra, akkor pedig s\u00edrni t\u00e1mad kedvem. \u00a0Abban biztos vagyok, hogy \u0151k \u00a0p\u00e9nzt \u00e9s energi\u00e1t nem k\u00edm\u00e9lve mindent megtettek az eltelt 28 \u00e9vben az\u00e9rt, hogy ebben a cs\u00f6ppnyi \u00a0orsz\u00e1gban\u00a0 brut\u00e1lis m\u00e9ret\u0171 gy\u0171l\u00f6letet gerjesszenek ember \u00e9s ember k\u00f6z\u00f6tt. \u00a0Ma m\u00e1r eljutottunk oda, hogy ilyen k\u00e9rd\u00e9sek\u00a0 feltev\u00e9s\u00e9nek semmi \u00a0\u00e9rtelme, mert csak haragosokat, tov\u00e1bbi ut\u00e1lkoz\u00f3kat \u00a0szerz\u00fcnk magunknak. Csak azt tudom javasolni, hogy mindenki d\u00f6ntse el, lehet\u0151leg mag\u00e1ban, hogy ezt a k\u00e9rd\u00e9st \u00a0hogyan l\u00e1tja.\u00a0<\/p>","type":"rich"}