{"version":"1.0","provider_name":"Irka Cafe-blog","provider_url":"https:\/\/nehrer.cafeblog.hu","author_name":"Gy\u00f6rgy Nehrer","author_url":"https:\/\/nehrer.cafeblog.hu\/author\/nehrer-gywindowslive-com\/","title":"Vas\u00e1rnapi s\u00e9ta","html":"<p style=\"text-align: justify\">\u00a0 <span style=\"color: #800000\">Nagy\u00edt\u00e1shoz haszn\u00e1ld a Ctrl + billenty\u0171ket \u00a0<\/span><\/p>\r\n<p style=\"text-align: justify\">\u00a0<\/p>\r\n<p style=\"text-align: justify\">November v\u00e9ge l\u00e9v\u00e9n megbolondult az id\u0151, \u00e9s h\u00e9t \u00e1gra s\u00fct\u00f6tt a nap vas\u00e1rnap. Bej\u00f6tt\u00fcnk a v\u00e1rosba egy kicsit tekeregni. \u00a0Ha m\u00e1r am\u00fagy is itt voltunk, v\u00e1s\u00e1roltunk p\u00e1r k\u00f6nyvet a pl\u00e1z\u00e1ban. Azt is lehet \u00e1m, nemcsak mindenf\u00e9le hi\u00e1baval\u00f3s\u00e1got. Na, j\u00f3l van, az\u00e9rt megn\u00e9zt\u00fck n\u00e9h\u00e1ny \u00a0\u00fczlet kirakat\u00e1t is. Valahogy nem \u00e9g\u00fcnk a k\u00f6zelg\u0151 kar\u00e1csonyi v\u00e1s\u00e1rl\u00e1si l\u00e1zban. Megjegyzem, ez nekem am\u00fagy sem szok\u00e1som.<\/p>\r\n<p style=\"text-align: justify\">Ritk\u00e1n j\u00f6v\u00f6k \u00fagy a v\u00e1rosba, hogy ne lenne velem f\u00e9nyk\u00e9pez\u0151g\u00e9p. El\u0151fordult m\u00e1r, hogy ennek nem \u00f6r\u00fclnek az illet\u00e9kesek, mert mindig megakad a szemem olyan dolgokon, amik mellett \u00a0a rohan\u00f3 h\u00e9tk\u00f6znapokon \u00e9n is els\u00e9t\u00e1lok, \u00fagy, hogy fel sem t\u0171nik. Sokan vagyunk ezzel \u00edgy, de ez nem baj. Viszont, akik idej\u00f6nnek hozz\u00e1nk vend\u00e9gs\u00e9gbe, \u00e9s van idej\u00fck b\u00e1m\u00e9szkodni, \u00e9s r\u00e1csod\u00e1lkozni egy-egy sz\u00e9p \u00e9p\u00fcletre, azok bizony \u00e9szreveszik\u00a0 a hib\u00e1kat, \u00e9s az oda nem ill\u0151 dolgokat, \u00a0mint p\u00e9ld\u00e1ul r\u00e1\u00e9r\u0151 id\u0151mben \u00e9n is. Ezzel nem akarok b\u00e1ntani senkit, csup\u00e1n arra figyelmeztetni, hogy k\u00f6z\u00f6s \u00e9rt\u00e9keinkkel, \u00f6r\u00f6ks\u00e9g\u00fcnkkel b\u00e1njunk tisztelettel, \u00e9s hozz\u00e1\u00e9rt\u00e9ssel. Nemcsak saj\u00e1t magunk, hanem az ut\u00e1nunk j\u00f6v\u0151 nemzed\u00e9kek sz\u00e1m\u00e1ra is k\u00f6teless\u00e9g\u00fcnk meg\u0151rizni mindazt, amit az el\u0151deinkt\u0151l aj\u00e1nd\u00e9kba kaptunk. \u00a0Nos, l\u00e1ssuk mi az, ami b\u00e1ntotta a szememet ma d\u00e9lel\u0151tt.\u00a0<\/p>\r\n<p style=\"text-align: justify\">\u00a0<img class=\"aligncenter wp-image-989 size-large\" src=\"https:\/\/nehrer.cafeblog.hu\/files\/2016\/11\/DSC_2282-600x399.jpg\" alt=\"dsc_2282\" width=\"600\" height=\"399\" \/><\/p>\r\n<p style=\"text-align: justify\">Ezt a t\u00e1bl\u00e1t mindennap nem olvasgatjuk, de ha els\u00e9t\u00e1lunk az \u00e9p\u00fclet el\u0151tt, akkor bizony \u00a0l\u00e1thatjuk, hogy a t\u00e1bl\u00e1n l\u00e9v\u0151k\u00f6n k\u00edv\u00fcl is, \u00a0sok nemzetk\u00f6zi h\u00edr\u0171 tud\u00f3sember tanult \u00a0ebben az int\u00e9zm\u00e9nyben.\u00a0<\/p>\r\n<p style=\"text-align: justify\"><img class=\"aligncenter wp-image-990 size-large\" src=\"https:\/\/nehrer.cafeblog.hu\/files\/2016\/11\/DSC_2271-340x600.jpg\" alt=\"dsc_2271\" width=\"340\" height=\"600\" \/> <img class=\"aligncenter wp-image-991 size-large\" src=\"https:\/\/nehrer.cafeblog.hu\/files\/2016\/11\/DSC_2272-600x400.jpg\" alt=\"dsc_2272\" width=\"600\" height=\"400\" \/> <img class=\"aligncenter wp-image-992 size-large\" src=\"https:\/\/nehrer.cafeblog.hu\/files\/2016\/11\/DSC_2273-600x265.jpg\" alt=\"dsc_2273\" width=\"600\" height=\"265\" \/> <img class=\"aligncenter wp-image-993 size-large\" src=\"https:\/\/nehrer.cafeblog.hu\/files\/2016\/11\/DSC_2275-600x299.jpg\" alt=\"dsc_2275\" width=\"600\" height=\"299\" \/> <img class=\"aligncenter wp-image-994 size-large\" src=\"https:\/\/nehrer.cafeblog.hu\/files\/2016\/11\/DSC_2276-600x396.jpg\" alt=\"dsc_2276\" width=\"600\" height=\"396\" \/><\/p>\r\n<p style=\"text-align: justify\">Ami b\u00e1ntja a szememet: \u00a0az ajt\u00f3t k\u00f6rbe\u00f6lel\u0151, \u00a0egykor gy\u00f6ny\u00f6r\u0171 v\u00f6r\u00f6s gr\u00e1nit keret, \u00e9s az oszlopok viseltes \u00e1llapota. M\u00e9ltatlanul elhanyagolt, csak\u00fagy, mint az \u00e9p\u00fclet homlokzata, amit most nem fot\u00f3ztam le.\u00a0<\/p>\r\n<p style=\"text-align: justify\"><img class=\"aligncenter wp-image-988 size-large\" src=\"https:\/\/nehrer.cafeblog.hu\/files\/2016\/11\/DSC_2274-400x600.jpg\" alt=\"dsc_2274\" width=\"400\" height=\"600\" \/><\/p>\r\n<p style=\"text-align: justify\">\u00a0Nos, n\u00e9zz\u00fck egy kicsit k\u00f6zelebbr\u0151l ezt az ajt\u00f3t, amit egykor v\u00e1rosunk, \u00e9s haz\u00e1nk b\u00fcszkes\u00e9gei naponta haszn\u00e1ltak.<\/p>\r\n<p style=\"text-align: justify\"><img class=\"aligncenter wp-image-995 size-large\" src=\"https:\/\/nehrer.cafeblog.hu\/files\/2016\/11\/DSC_2274-1-600x141.jpg\" alt=\"dsc_2274-1\" width=\"600\" height=\"141\" \/><\/p>\r\n<p style=\"text-align: justify\">A latin nyelv\u0171 felirat m\u00e1r \u00e9vek \u00f3ta olvashatatlan.\u00a0<\/p>\r\n<p style=\"text-align: justify\">\u00a0<\/p>\r\n<p style=\"text-align: justify\"><img class=\"aligncenter wp-image-996 size-large\" src=\"https:\/\/nehrer.cafeblog.hu\/files\/2016\/11\/DSC_2277-1-562x600.jpg\" alt=\"dsc_2277-1\" width=\"562\" height=\"600\" \/><\/p>\r\n<p style=\"text-align: justify\">Nem hinn\u00e9m, hogy ennek az \u00f6nt\u00f6ttvas ajt\u00f3d\u00edsznek a r\u00f6gz\u00edt\u00e9s\u00e9hez elox\u00e1lt, kereszthornyos csavarokat kellene haszn\u00e1lni<\/p>\r\n<p style=\"text-align: justify\"><img class=\"aligncenter wp-image-997 size-large\" src=\"https:\/\/nehrer.cafeblog.hu\/files\/2016\/11\/DSC_2278-1-405x600.jpg\" alt=\"dsc_2278-1\" width=\"405\" height=\"600\" \/><\/p>\r\n<p style=\"text-align: justify\">Ez kb. 2500 forintos alum\u00ednium z\u00e1rc\u00edmke \u00e9s kilincs. A c\u00e9lnak val\u00f3ban megfelel. De k\u00e9rem sz\u00e9pen, ez m\u00e1r \u00edgy van \u00e9vek \u00f3ta. Rem\u00e9lem a r\u00e9gi kilincs megvan valahol. \u00a0\u00a0<\/p>\r\n<p style=\"text-align: justify\">\u00a0<\/p>\r\n<p style=\"text-align: justify\"><img class=\"aligncenter wp-image-998 size-large\" src=\"https:\/\/nehrer.cafeblog.hu\/files\/2016\/11\/DSC_2281-1-600x545.jpg\" alt=\"dsc_2281-1\" width=\"600\" height=\"545\" \/><\/p>\r\n<p style=\"text-align: justify\">Kis fejfigura let\u00f6r\u00f6tt, vagy csak sz\u00fcks\u00e9ge volt valakinek r\u00e1? B\u00edzom benne, hogy valaki meg\u0151rizte, \u00e9s nem dobta a szem\u00e9tbe.<\/p>\r\n<p style=\"text-align: justify\">Persze, ha csak futt\u00e1ban n\u00e9zz\u00fck, akkor ezek nem annyira felt\u0171n\u0151 dolgok. Majd egyszer, az sem fog felt\u0171nni, ha a k\u00f6zel 300 \u00e9ves \u00a0ajt\u00f3r\u00f3l elvesznek lassan a kov\u00e1csoltvas d\u00edszek, vagy net\u00e1n az eg\u00e9sz ajt\u00f3. Vagy a gr\u00e1nitl\u00e9pcs\u0151k helyett hirtelen \u00f3cska betonl\u00e9pcs\u0151k lesznek. Na, nem akarok b\u00e1ntani senkit, csak a figyelmet felh\u00edvni a k\u00f6z\u00f6s \u00e9rt\u00e9keink meg\u00f3v\u00e1s\u00e1ra.<\/p>\r\n<p style=\"text-align: justify\">A fentiek nem vett\u00e9k el a kedvemet a tov\u00e1bbi fot\u00f3z\u00e1st\u00f3l. Kicsit t\u00e1volabbr\u00f3l az t\u0171nik fel, hogy nem \u00e1rtana a f\u00e1val is kezdeni valamit. A \"valamit\"-en nem azt \u00e9rtem, hogy fess\u00e9k le ism\u00e9t zom\u00e1ncfest\u00e9kkel. Ann\u00e1l t\u00f6bb hozz\u00e1\u00e9rt\u00e9st, szeretetet, hivat\u00e1st, elk\u00f6telezetts\u00e9get ig\u00e9nyelne.\u00a0<\/p>\r\n<p style=\"text-align: justify\"><img class=\"aligncenter wp-image-999 size-large\" src=\"https:\/\/nehrer.cafeblog.hu\/files\/2016\/11\/DSC_2277-396x600.jpg\" alt=\"dsc_2277\" width=\"396\" height=\"600\" \/><\/p>\r\n<p style=\"text-align: justify\"><img class=\"aligncenter wp-image-1001 size-large\" src=\"https:\/\/nehrer.cafeblog.hu\/files\/2016\/11\/DSC_2278-381x600.jpg\" alt=\"dsc_2278\" width=\"381\" height=\"600\" \/><\/p>\r\n<p style=\"text-align: justify\"><img class=\"wp-image-1003 size-large aligncenter\" src=\"https:\/\/nehrer.cafeblog.hu\/files\/2016\/11\/DSC_2279-600x398.jpg\" alt=\"dsc_2279\" width=\"600\" height=\"398\" \/><\/p>\r\n<p style=\"text-align: justify\"><img class=\"aligncenter wp-image-1004 size-large\" src=\"https:\/\/nehrer.cafeblog.hu\/files\/2016\/11\/DSC_2280-600x394.jpg\" alt=\"dsc_2280\" width=\"600\" height=\"394\" \/><\/p>\r\n<p style=\"text-align: justify\"><img class=\"aligncenter wp-image-1005 size-large\" src=\"https:\/\/nehrer.cafeblog.hu\/files\/2016\/11\/DSC_2281-400x600.jpg\" alt=\"dsc_2281\" width=\"400\" height=\"600\" \/><\/p>\r\n<p style=\"text-align: justify\">A hib\u00e1k ellen\u00e9re a belv\u00e1ros nekem mindig a sz\u00edvem cs\u00fccske marad, \u00a0f\u0151k\u00e9nt most, hogy lassan kar\u00e1csonyi d\u00edszeket \u00f6lt. Ragyog\u00f3 naps\u00fct\u00e9sben kattintottam n\u00e9h\u00e1ny fot\u00f3t, \u00e9s m\u00e9g a Ciszterci templomba is ben\u00e9zt\u00fcnk a mise v\u00e9g\u00e9re.\u00a0<\/p>\r\n<p style=\"text-align: justify\"><img class=\"aligncenter wp-image-1006 size-large\" src=\"https:\/\/nehrer.cafeblog.hu\/files\/2016\/11\/DSC_2267-308x600.jpg\" alt=\"dsc_2267\" width=\"308\" height=\"600\" \/><\/p>\r\n<p style=\"text-align: justify\"><img class=\"aligncenter wp-image-1007 size-large\" src=\"https:\/\/nehrer.cafeblog.hu\/files\/2016\/11\/DSC_2270-392x600.jpg\" alt=\"dsc_2270\" width=\"392\" height=\"600\" \/><\/p>\r\n<p style=\"text-align: justify\"><img class=\"aligncenter wp-image-1008 size-large\" src=\"https:\/\/nehrer.cafeblog.hu\/files\/2016\/11\/DSC_2283-282x600.jpg\" alt=\"dsc_2283\" width=\"282\" height=\"600\" \/><\/p>\r\n<p style=\"text-align: justify\"><img class=\"aligncenter wp-image-1009 size-large\" src=\"https:\/\/nehrer.cafeblog.hu\/files\/2016\/11\/DSC_2284-600x446.jpg\" alt=\"dsc_2284\" width=\"600\" height=\"446\" \/><\/p>\r\n<p style=\"text-align: justify\"><img class=\"aligncenter wp-image-1010 size-large\" src=\"https:\/\/nehrer.cafeblog.hu\/files\/2016\/11\/DSC_2285-388x600.jpg\" alt=\"dsc_2285\" width=\"388\" height=\"600\" \/><\/p>\r\n<p style=\"text-align: justify\"><img class=\"aligncenter wp-image-1011 size-large\" src=\"https:\/\/nehrer.cafeblog.hu\/files\/2016\/11\/DSC_2286-561x600.jpg\" alt=\"dsc_2286\" width=\"561\" height=\"600\" \/><\/p>\r\n<p style=\"text-align: justify\"><img class=\"aligncenter wp-image-1013 size-large\" src=\"https:\/\/nehrer.cafeblog.hu\/files\/2016\/11\/DSC_2290-600x457.jpg\" alt=\"dsc_2290\" width=\"600\" height=\"457\" \/><\/p>\r\n<p style=\"text-align: justify\"><img class=\"aligncenter wp-image-1014 size-large\" src=\"https:\/\/nehrer.cafeblog.hu\/files\/2016\/11\/DSC_2291-393x600.jpg\" alt=\"dsc_2291\" width=\"393\" height=\"600\" \/><\/p>\r\n<p style=\"text-align: justify\"><img class=\"aligncenter wp-image-1015 size-large\" src=\"https:\/\/nehrer.cafeblog.hu\/files\/2016\/11\/DSC_2293-395x600.jpg\" alt=\"dsc_2293\" width=\"395\" height=\"600\" \/><\/p>\r\n<p style=\"text-align: justify\"><img class=\"aligncenter wp-image-1016 size-large\" src=\"https:\/\/nehrer.cafeblog.hu\/files\/2016\/11\/DSC_2295-399x600.jpg\" alt=\"dsc_2295\" width=\"399\" height=\"600\" \/> <img class=\"aligncenter wp-image-1017 size-large\" src=\"https:\/\/nehrer.cafeblog.hu\/files\/2016\/11\/DSC_2296-600x419.jpg\" alt=\"dsc_2296\" width=\"600\" height=\"419\" \/><\/p>\r\n<p style=\"text-align: justify\">M\u00e1r \u00e1ll a kar\u00e1csonyf\u00e1nk!<\/p>\r\n<p style=\"text-align: justify\">\u00a0<\/p>\r\n<p style=\"text-align: justify\"><img class=\"aligncenter wp-image-1018 size-large\" src=\"https:\/\/nehrer.cafeblog.hu\/files\/2016\/11\/DSC_2298-390x600.jpg\" alt=\"dsc_2298\" width=\"390\" height=\"600\" \/><\/p>\r\n<p style=\"text-align: justify\"><img class=\"aligncenter wp-image-1019 size-large\" src=\"https:\/\/nehrer.cafeblog.hu\/files\/2016\/11\/DSC_2299-314x600.jpg\" alt=\"dsc_2299\" width=\"314\" height=\"600\" \/><\/p>\r\n<p style=\"text-align: justify\">Az \u00f6reg \"bolond\" figyel benneteket \u00a0:-)<\/p>\r\n<p style=\"text-align: justify\"><img class=\"aligncenter wp-image-1020 size-large\" src=\"https:\/\/nehrer.cafeblog.hu\/files\/2016\/11\/DSC_2300-600x304.jpg\" alt=\"dsc_2300\" width=\"600\" height=\"304\" \/><\/p>\r\n<p style=\"text-align: justify\"><img class=\"aligncenter wp-image-1021 size-large\" src=\"https:\/\/nehrer.cafeblog.hu\/files\/2016\/11\/DSC_2301-418x600.jpg\" alt=\"dsc_2301\" width=\"418\" height=\"600\" \/><\/p>\r\n<p style=\"text-align: justify\"><img class=\"aligncenter wp-image-1022 size-large\" src=\"https:\/\/nehrer.cafeblog.hu\/files\/2016\/11\/DSC_2303-600x368.jpg\" alt=\"dsc_2303\" width=\"600\" height=\"368\" \/><\/p>\r\n<h3 style=\"text-align: justify\"><span style=\"color: #800000\">Itt \u00e1lljunk meg egy sz\u00f3ra!<\/span><\/h3>\r\n<p style=\"text-align: justify\">Nemcsak a tisztelet miatt, ami a n\u00e9vtelen h\u0151seinket, az elesett katon\u00e1inkat \u00a0megilleti. Sajnos sokszor olvasom \u00edrott sajt\u00f3ban, hallom a r\u00e1di\u00f3ban \u00e9s a k\u00f6zbesz\u00e9dben \u00a0is, hogy a\" Fekv\u0151 katon\u00e1n\u00e1l\" lesz, vagy volt, ilyen-olyan rendezv\u00e9ny. \u00a0Mindenkit szeretn\u00e9k megk\u00e9rni arra, hogy ezt felejts\u00fck el. \u00a0A \"Fekv\u0151 katona\" az a t\u00e9r oldal\u00e1ban l\u00e9v\u0151 \u00a0k\u00e1v\u00e9z\u00f3 \u00e9s s\u00f6r\u00f6z\u0151, \u00e9s semmik\u00e9ppen nem eml\u00e9khely. \u00a0Teh\u00e1t nevezz\u00fck \u00a0\"H\u0151s\u00f6k ter\u00e9nek\". \"Ismeretlen katona\", vagy \"N\u00e9vtelen katona eml\u00e9km\u0171v\u00e9nek\" igaz\u00e1b\u00f3l mindkett\u0151t l\u00e1ttam m\u00e1r hivatalos iraton. \u00a0Vagy ahogy azt a hely szelleme dikt\u00e1lja, \u00e9s ahogy \u00a0r\u00e9gen ezt a teret elnevezt\u00e9k . \u00a0<\/p>\r\n<p style=\"text-align: justify\">\u00a0<img class=\"aligncenter wp-image-1023 size-large\" src=\"https:\/\/nehrer.cafeblog.hu\/files\/2016\/11\/DSC_2304-399x600.jpg\" alt=\"dsc_2304\" width=\"399\" height=\"600\" \/><\/p>\r\n<p style=\"text-align: justify\"><img class=\"aligncenter wp-image-1024 size-large\" src=\"https:\/\/nehrer.cafeblog.hu\/files\/2016\/11\/DSC_2305-600x432.jpg\" alt=\"dsc_2305\" width=\"600\" height=\"432\" \/><\/p>\r\n<p style=\"text-align: justify\"><img class=\"wp-image-1025 size-large aligncenter\" src=\"https:\/\/nehrer.cafeblog.hu\/files\/2016\/11\/DSC_2307-600x436.jpg\" alt=\"dsc_2307\" width=\"600\" height=\"436\" \/><\/p>\r\n<p style=\"text-align: justify\">\u00a0<\/p>\r\n<p style=\"text-align: justify\"><img class=\"aligncenter wp-image-1026 size-large\" src=\"https:\/\/nehrer.cafeblog.hu\/files\/2016\/11\/DSC_2308-394x600.jpg\" alt=\"dsc_2308\" width=\"394\" height=\"600\" \/><\/p>\r\n<p style=\"text-align: justify\">\u00a0<\/p>\r\n<p style=\"text-align: justify\">\u00a0Sajnos a \"p\u00e1v\u00e1s h\u00e1z\" \u00e1llapota egyre rosszabb\u00a0<\/p>\r\n<p style=\"text-align: justify\"><img class=\"aligncenter wp-image-1027 size-large\" src=\"https:\/\/nehrer.cafeblog.hu\/files\/2016\/11\/DSC_2310-399x600.jpg\" alt=\"dsc_2310\" width=\"399\" height=\"600\" \/><\/p>\r\n<p style=\"text-align: justify\"><img class=\"aligncenter wp-image-1028 size-large\" src=\"https:\/\/nehrer.cafeblog.hu\/files\/2016\/11\/DSC_2311-287x600.jpg\" alt=\"dsc_2311\" width=\"287\" height=\"600\" \/><\/p>\r\n<p style=\"text-align: justify\">\u00a0<\/p>\r\n<p style=\"text-align: justify\"><img class=\"aligncenter wp-image-1029 size-large\" src=\"https:\/\/nehrer.cafeblog.hu\/files\/2016\/11\/DSC_2312-382x600.jpg\" alt=\"dsc_2312\" width=\"382\" height=\"600\" \/><\/p>\r\n<p style=\"text-align: justify\">\u00a0<\/p>\r\n<p style=\"text-align: justify\"><img class=\"aligncenter wp-image-1030 size-large\" src=\"https:\/\/nehrer.cafeblog.hu\/files\/2016\/11\/DSC_2316-325x600.jpg\" alt=\"dsc_2316\" width=\"325\" height=\"600\" \/><\/p>\r\n<p style=\"text-align: justify\"><img class=\"aligncenter wp-image-1031 size-large\" src=\"https:\/\/nehrer.cafeblog.hu\/files\/2016\/11\/DSC_2318-400x600.jpg\" alt=\"dsc_2318\" width=\"400\" height=\"600\" \/><\/p>\r\n<p style=\"text-align: justify\"><img class=\"wp-image-1032 size-large aligncenter\" src=\"https:\/\/nehrer.cafeblog.hu\/files\/2016\/11\/DSC_2320-400x600.jpg\" alt=\"dsc_2320\" width=\"400\" height=\"600\" \/><\/p>\r\n<p style=\"text-align: justify\">Igazs\u00e1gtalan lenn\u00e9k, ha nem venn\u00e9m \u00e9szre, hogy sz\u00e9p\u00fclnek templomaink. V\u00e1rosunkhoz m\u00e9lt\u00f3 k\u00fcls\u0151t kapott a bazilika is. L\u00e1ttam, hogy bel\u00fcl is neki\u00e1lltak a rekonstrukci\u00f3nak. \u00d6rvendetes dolognak tartom. \u00a0<\/p>\r\n<p style=\"text-align: justify\"><img class=\"aligncenter wp-image-1033 size-large\" src=\"https:\/\/nehrer.cafeblog.hu\/files\/2016\/11\/DSC_2322-367x600.jpg\" alt=\"dsc_2322\" width=\"367\" height=\"600\" \/><\/p>\r\n<p style=\"text-align: justify\"><img class=\"aligncenter wp-image-1034 size-large\" src=\"https:\/\/nehrer.cafeblog.hu\/files\/2016\/11\/DSC_2324-400x600.jpg\" alt=\"dsc_2324\" width=\"400\" height=\"600\" \/><\/p>\r\n<p style=\"text-align: justify\"><img class=\"aligncenter wp-image-1035 size-large\" src=\"https:\/\/nehrer.cafeblog.hu\/files\/2016\/11\/DSC_2326-567x600.jpg\" alt=\"dsc_2326\" width=\"567\" height=\"600\" \/><\/p>\r\n<p style=\"text-align: justify\">\u0150szi sz\u00ednek a parkban<\/p>\r\n<p style=\"text-align: justify\"><img class=\"aligncenter wp-image-1036 size-large\" src=\"https:\/\/nehrer.cafeblog.hu\/files\/2016\/11\/DSC_2328-490x600.jpg\" alt=\"dsc_2328\" width=\"490\" height=\"600\" \/><\/p>\r\n<p style=\"text-align: justify\">Tetszik ez a kis t\u00e9rplasztika a belv\u00e1ros nevezetes \u00e9p\u00fcleteivel. Tudok \u00e9n \u00f6r\u00fclni, \u00e9s gratul\u00e1lni is a j\u00f3 kezdem\u00e9nyez\u00e9sekhez, \u00e9s a megval\u00f3s\u00edt\u00e1shoz is. \u00a0Nagyon j\u00f3 lett!<\/p>\r\n<p style=\"text-align: justify\"><img class=\"aligncenter wp-image-1037 size-large\" src=\"https:\/\/nehrer.cafeblog.hu\/files\/2016\/11\/DSC_2330-600x376.jpg\" alt=\"dsc_2330\" width=\"600\" height=\"376\" \/><\/p>\r\n<p style=\"text-align: justify\"><img class=\"aligncenter wp-image-1038 size-large\" src=\"https:\/\/nehrer.cafeblog.hu\/files\/2016\/11\/DSC_2331-600x364.jpg\" alt=\"dsc_2331\" width=\"600\" height=\"364\" \/><\/p>\r\n<p style=\"text-align: justify\">V\u00e1rfal \u0151szi sz\u00ednekben.<\/p>\r\n<p style=\"text-align: justify\"><img class=\"aligncenter wp-image-1039 size-large\" src=\"https:\/\/nehrer.cafeblog.hu\/files\/2016\/11\/DSC_2332-600x384.jpg\" alt=\"dsc_2332\" width=\"600\" height=\"384\" \/><\/p>\r\n<p style=\"text-align: justify\">Jelenben a m\u00faltunk<\/p>\r\n<p style=\"text-align: justify\"><img class=\"aligncenter wp-image-1040 size-large\" src=\"https:\/\/nehrer.cafeblog.hu\/files\/2016\/11\/DSC_2334-600x400.jpg\" alt=\"dsc_2334\" width=\"600\" height=\"400\" \/><\/p>\r\n<p style=\"text-align: justify\">Ami a \"Coloritb\u00f3l\" maradt<\/p>\r\n<p style=\"text-align: justify\"><img class=\"aligncenter wp-image-1041 size-large\" src=\"https:\/\/nehrer.cafeblog.hu\/files\/2016\/11\/DSC_2336-339x600.jpg\" alt=\"dsc_2336\" width=\"339\" height=\"600\" \/><\/p>\r\n<p style=\"text-align: justify\">K\u00f6sz\u00f6n\u00f6m a figyelm\u00e9t mindenkinek, aki \u00a0virtu\u00e1lisan velem tartott ezen a mai s\u00e9t\u00e1n. Hib\u00e1ival \u00e9s sz\u00e9ps\u00e9geivel egy\u00fctt, ez az \u00e9n, ez a mi v\u00e1rosunk!<\/p>\r\n<p>&nbsp;<\/p>","type":"rich"}