{"version":"1.0","provider_name":"Irka Cafe-blog","provider_url":"https:\/\/nehrer.cafeblog.hu","author_name":"Gy\u00f6rgy Nehrer","author_url":"https:\/\/nehrer.cafeblog.hu\/author\/nehrer-gywindowslive-com\/","title":"Magyarorsz\u00e1g","html":"<p><span style=\"color: #800000\"><em>P\u00e1r h\u00f3napja \u00edrtam:\u00a0<\/em><\/span><\/p>\r\n<p style=\"text-align: justify\">Gyurika unok\u00e1m h\u00e9t\u00e9ves, most els\u0151s. Ma itt volt n\u00e1lunk, mert valami v\u00edrusos nyavaly\u00e1t \u00f6sszeszedett. P\u00e1r napja nem j\u00e1r hoki edz\u00e9sre meg iskol\u00e1ba, \u00edgy t\u00falteng benne az energia. Az egyik sz\u00e1m\u00edt\u00f3g\u00e9p d\u00e9lel\u0151tt szabad volt, ez\u00e9rt minden j\u00e1t\u00e9kot v\u00e9gigj\u00e1tszott rajta, mert kiv\u00e9telesen most harminc percn\u00e9l t\u00f6bb id\u0151t kapott. Eb\u00e9d ut\u00e1n odaj\u00f6tt hozz\u00e1m:<\/p>\r\n<p>\u2014Szia! Papi,mit csin\u00e1lsz?<\/p>\r\n<p>\u00a0\u2014\u00cdrok.\u00a0<\/p>\r\n<p>\u2014Ide\u00fclhetek az \u00f6ledbe?\u00a0<\/p>\r\n<p>\u2014Gyere, de \u00edgy nem tudok \u00edrni.<\/p>\r\n<p style=\"text-align: justify\">M\u00e1r fel is m\u00e1szott, \u00e9s r\u00f6gt\u00f6n k\u00e9zbe kapta az egeret.\u00a0<\/p>\r\n<p>\u2014\u00a0Akarsz egy j\u00f3 zen\u00e9t hallgatni?<\/p>\r\n<p style=\"text-align: justify\">Most m\u00e1r mindegy, gondoltam.\u00a0<\/p>\r\n<p>\u2014Akarok \u2014 mondtam nem nagy lelkesed\u00e9ssel.<\/p>\r\n<p style=\"text-align: justify\">Unalomig sz\u00e9jjelhallgatott gyerekn\u00f3t\u00e1kra \u00e9s zen\u00e9kre sz\u00e1m\u00edtottam.<\/p>\r\n<p style=\"text-align: left\">Megadtam magam, j\u00f6jj\u00f6n, aminek j\u00f6nnie kell. Kib\u00edrok egy-k\u00e9t\"Hupik\u00e9k t\u00f6rpik\u00e9k\"n\u00f3t\u00e1t.<\/p>\r\n<p style=\"text-align: justify\">A k\u00f6ly\u00f6k foly\u00e9konyan olvas, \u00e9s kit\u0171n\u0151en sz\u00e1mol. Az ut\u00f3bbit nem t\u0151lem \u00f6r\u00f6k\u00f6lte, az biztos.<\/p>\r\n<p style=\"text-align: justify\">N\u00e9zem a monitort a v\u00e1lla felett, amint az \u00f6lemben f\u00e9szkel\u0151dik.<\/p>\r\n<p style=\"text-align: justify\">A billenty\u0171zeten egy \u00fajjal p\u00f6ty\u00f6gi: YouTube.<\/p>\r\n<p style=\"text-align: justify\">V\u00e1rtam,hogy ebb\u0151l mi lesz?<\/p>\r\n<p style=\"text-align: justify\">\u00dct\u00f6tt egy entert, \u00e9s m\u00e1r \u00edrta a YouTube keres\u0151be.<\/p>\r\n<p style=\"text-align: justify\">\"Magyarorsz\u00e1g, Ol\u00e1h Ibolya\".<\/p>\r\n<p style=\"text-align: justify\">Itt egy kicsit meglep\u0151dtem. De m\u00e1r ind\u00edtotta is rutinosan a zen\u00e9t.<\/p>\r\n<p style=\"text-align: justify\">Azt\u00e1n v\u00e9gighallgattuk csendben.\u00a0<\/p>\r\n<p>\u2014\u00a0Papi, ugye t\u00f6k j\u00f3 volt?\u00a0<\/p>\r\n<p>\u2014\u00a0Igen, t\u00f6k j\u00f3 volt. De, mir\u0151l sz\u00f3l ez a dal? - k\u00e9rdeztem t\u0151le k\u00edv\u00e1ncsiskodva.\u00a0<\/p>\r\n<p>\u2014Papi, te nem tudod? A haz\u00e1nkr\u00f3l!<\/p>\r\n<p style=\"text-align: justify\">Mit lehet erre mondani egy h\u00e9t\u00e9ves gyereknek?<\/p>\r\n<p>[embed]https:\/\/www.youtube.com\/watch?v=uwcDo-ugENI[\/embed]<\/p>","type":"rich"}